{"id":274,"date":"2023-01-25T08:24:30","date_gmt":"2023-01-25T08:24:30","guid":{"rendered":"https:\/\/assessoriapages.com\/?page_id=274"},"modified":"2023-05-12T11:23:08","modified_gmt":"2023-05-12T11:23:08","slug":"isabel-pages-heras","status":"publish","type":"page","link":"https:\/\/assessoriapages.com\/es\/isabel-pages-heras\/","title":{"rendered":"Isabel Pag\u00e8s Heras"},"content":{"rendered":"<section class=\"l-section wpb_row height_medium\"><div class=\"l-section-h i-cf\"><div class=\"g-cols vc_row via_grid cols_1-3 laptops-cols_inherit tablets-cols_inherit mobiles-cols_1 valign_top type_default stacking_default\"><div class=\"wpb_column vc_column_container type_sticky\"><div class=\"vc_column-inner\"><div class=\"w-image style_shadow-2 align_none\"><div url class=\"w-image-h\"><div class=\"w-image-shadow\" style=\"background-image:url(https:\/\/assessoriapages.com\/wp-content\/uploads\/2023\/01\/isabelPages.jpg);\"><\/div><img width=\"560\" height=\"370\" src=\"https:\/\/assessoriapages.com\/wp-content\/uploads\/2023\/01\/isabelPages.jpg\" class=\"attachment-large size-large\" alt=\"\" decoding=\"async\" loading=\"lazy\" srcset=\"https:\/\/assessoriapages.com\/wp-content\/uploads\/2023\/01\/isabelPages.jpg 560w, https:\/\/assessoriapages.com\/wp-content\/uploads\/2023\/01\/isabelPages-300x198.jpg 300w\" sizes=\"(max-width: 560px) 100vw, 560px\" \/><\/div><\/div><\/div><\/div><div class=\"wpb_column vc_column_container\"><div class=\"vc_column-inner\"><div class=\"wpb_text_column us_custom_9cf38ff7\"><div class=\"wpb_wrapper\"><h4><strong>Isabel Pag\u00e8s Heras<\/strong><\/h4>\n<p style=\"text-align: left;\"><strong>Socia<\/strong><\/p>\n<p>Es licenciada en Derecho por la Universidad de Barcelona (1978) y licenciada en Ciencias Econ\u00f3micas y Empresariales por la Universidad Aut\u00f3noma de Barcelona (1977).<\/p>\n<p>Abogada, colegiada n\u00ba 807 de l\u2019Il\u00b7lustre Col\u00b7legi d\u2019Advocats de Girona, Agente de seguros y Administradora Concursal.<\/p>\n<p>Especializada en Derecho Laboral, Seguridad Social, Derecho Patrimonial y Derecho Administrativo.<\/p>\n<p>Socia del despacho, es responsable de clientes del \u00e1rea laboral y de seguros. Se incorpor\u00f3 a la Assessoria Pag\u00e8s en el a\u00f1o 1983 y posee de una gran experiencia en Derecho Laboral y espec\u00edficamente en Seguridad Social, as\u00ed como en temas patrimoniales, administrativos y de seguros.<\/p>\n<p>Antes de su incorporaci\u00f3n a la Assessoria Pag\u00e8s, trabaj\u00f3 como abogada en Barcelona entre los a\u00f1os 1978 y 1983, obteniendo una amplia formaci\u00f3n en todos los \u00e1mbitos jur\u00eddicos.<\/p>\n<p>Adicionalmente, durante su carrera profesional ha realizado distintas tareas profesionales relacionadas con el mundo jur\u00eddico y, especialmente, del Derecho Laboral y de la Seguridad Social, de entre las cuales destacan las siguientes:<\/p>\n<ul>\n<li>Secretaria de la Confederaci\u00f3 de Cambres Agr\u00e0ries de Catalunya.<\/li>\n<li>Profesora de la Escuela de Pr\u00e1ctica Jur\u00eddica de Girona en materia de Seguridad Social, desde el inicio de la Escuela el a\u00f1o 2002 hasta el 2007, formando a futuros abogados.<\/li>\n<li>Ha impartido cursos monogr\u00e1ficos sobre Seguridad Social en la Universidad de Girona.<\/li>\n<li>Miembro activo de la Comisi\u00f3n de Derecho Laboral del Il\u00b7lustre Col\u00b7legi d\u2019Advocats de Girona.<\/li>\n<\/ul>\n<\/div><\/div><\/div><\/div><\/div><\/div><\/section>\n","protected":false},"excerpt":{"rendered":"Isabel Pag\u00e8s Heras Socia Es licenciada en Derecho por la Universidad de Barcelona (1978) y licenciada en Ciencias Econ\u00f3micas y Empresariales por la Universidad Aut\u00f3noma de Barcelona (1977). Abogada, colegiada n\u00ba 807 de l\u2019Il\u00b7lustre Col\u00b7legi d\u2019Advocats de Girona, Agente de seguros y Administradora Concursal. Especializada en Derecho Laboral, Seguridad Social, Derecho Patrimonial y Derecho Administrativo....","protected":false},"author":1,"featured_media":0,"parent":0,"menu_order":0,"comment_status":"closed","ping_status":"closed","template":"","meta":[],"yoast_head":"<!-- This site is optimized with the Yoast SEO plugin v20.12 - https:\/\/yoast.com\/wordpress\/plugins\/seo\/ -->\n<title>Isabel Pag\u00e8s Heras - Assessoria Pag\u00e8s<\/title>\n<meta name=\"robots\" content=\"index, follow, max-snippet:-1, max-image-preview:large, max-video-preview:-1\" \/>\n<link rel=\"canonical\" href=\"https:\/\/assessoriapages.com\/isabel-pages-heras\/\" \/>\n<meta property=\"og:locale\" content=\"es_ES\" \/>\n<meta property=\"og:type\" content=\"article\" \/>\n<meta property=\"og:title\" content=\"Isabel Pag\u00e8s Heras - Assessoria Pag\u00e8s\" \/>\n<meta property=\"og:url\" content=\"https:\/\/assessoriapages.com\/isabel-pages-heras\/\" \/>\n<meta property=\"og:site_name\" content=\"Assessoria Pag\u00e8s\" \/>\n<meta property=\"article:modified_time\" content=\"2023-05-12T11:23:08+00:00\" \/>\n<meta name=\"twitter:card\" content=\"summary_large_image\" \/>\n<meta name=\"twitter:label1\" content=\"Tiempo de lectura\" \/>\n\t<meta name=\"twitter:data1\" content=\"2 minutos\" \/>\n<script type=\"application\/ld+json\" class=\"yoast-schema-graph\">{\"@context\":\"https:\/\/schema.org\",\"@graph\":[{\"@type\":\"WebPage\",\"@id\":\"https:\/\/assessoriapages.com\/isabel-pages-heras\/\",\"url\":\"https:\/\/assessoriapages.com\/isabel-pages-heras\/\",\"name\":\"Isabel Pag\u00e8s Heras - Assessoria Pag\u00e8s\",\"isPartOf\":{\"@id\":\"https:\/\/assessoriapages.com\/#website\"},\"datePublished\":\"2023-01-25T08:24:30+00:00\",\"dateModified\":\"2023-05-12T11:23:08+00:00\",\"breadcrumb\":{\"@id\":\"https:\/\/assessoriapages.com\/isabel-pages-heras\/#breadcrumb\"},\"inLanguage\":\"es\",\"potentialAction\":[{\"@type\":\"ReadAction\",\"target\":[\"https:\/\/assessoriapages.com\/isabel-pages-heras\/\"]}]},{\"@type\":\"BreadcrumbList\",\"@id\":\"https:\/\/assessoriapages.com\/isabel-pages-heras\/#breadcrumb\",\"itemListElement\":[{\"@type\":\"ListItem\",\"position\":1,\"name\":\"Portada\",\"item\":\"https:\/\/assessoriapages.com\/\"},{\"@type\":\"ListItem\",\"position\":2,\"name\":\"Isabel Pag\u00e8s Heras\"}]},{\"@type\":\"WebSite\",\"@id\":\"https:\/\/assessoriapages.com\/#website\",\"url\":\"https:\/\/assessoriapages.com\/\",\"name\":\"Assessoria Pag\u00e8s\",\"description\":\"\",\"potentialAction\":[{\"@type\":\"SearchAction\",\"target\":{\"@type\":\"EntryPoint\",\"urlTemplate\":\"https:\/\/assessoriapages.com\/?s={search_term_string}\"},\"query-input\":\"required name=search_term_string\"}],\"inLanguage\":\"es\"}]}<\/script>\n<!-- \/ Yoast SEO plugin. -->","yoast_head_json":{"title":"Isabel Pag\u00e8s Heras - Assessoria Pag\u00e8s","robots":{"index":"index","follow":"follow","max-snippet":"max-snippet:-1","max-image-preview":"max-image-preview:large","max-video-preview":"max-video-preview:-1"},"canonical":"https:\/\/assessoriapages.com\/isabel-pages-heras\/","og_locale":"es_ES","og_type":"article","og_title":"Isabel Pag\u00e8s Heras - Assessoria Pag\u00e8s","og_url":"https:\/\/assessoriapages.com\/isabel-pages-heras\/","og_site_name":"Assessoria Pag\u00e8s","article_modified_time":"2023-05-12T11:23:08+00:00","twitter_card":"summary_large_image","twitter_misc":{"Tiempo de lectura":"2 minutos"},"schema":{"@context":"https:\/\/schema.org","@graph":[{"@type":"WebPage","@id":"https:\/\/assessoriapages.com\/isabel-pages-heras\/","url":"https:\/\/assessoriapages.com\/isabel-pages-heras\/","name":"Isabel Pag\u00e8s Heras - Assessoria Pag\u00e8s","isPartOf":{"@id":"https:\/\/assessoriapages.com\/#website"},"datePublished":"2023-01-25T08:24:30+00:00","dateModified":"2023-05-12T11:23:08+00:00","breadcrumb":{"@id":"https:\/\/assessoriapages.com\/isabel-pages-heras\/#breadcrumb"},"inLanguage":"es","potentialAction":[{"@type":"ReadAction","target":["https:\/\/assessoriapages.com\/isabel-pages-heras\/"]}]},{"@type":"BreadcrumbList","@id":"https:\/\/assessoriapages.com\/isabel-pages-heras\/#breadcrumb","itemListElement":[{"@type":"ListItem","position":1,"name":"Portada","item":"https:\/\/assessoriapages.com\/"},{"@type":"ListItem","position":2,"name":"Isabel Pag\u00e8s Heras"}]},{"@type":"WebSite","@id":"https:\/\/assessoriapages.com\/#website","url":"https:\/\/assessoriapages.com\/","name":"Assessoria Pag\u00e8s","description":"","potentialAction":[{"@type":"SearchAction","target":{"@type":"EntryPoint","urlTemplate":"https:\/\/assessoriapages.com\/?s={search_term_string}"},"query-input":"required name=search_term_string"}],"inLanguage":"es"}]}},"_links":{"self":[{"href":"https:\/\/assessoriapages.com\/es\/wp-json\/wp\/v2\/pages\/274"}],"collection":[{"href":"https:\/\/assessoriapages.com\/es\/wp-json\/wp\/v2\/pages"}],"about":[{"href":"https:\/\/assessoriapages.com\/es\/wp-json\/wp\/v2\/types\/page"}],"author":[{"embeddable":true,"href":"https:\/\/assessoriapages.com\/es\/wp-json\/wp\/v2\/users\/1"}],"replies":[{"embeddable":true,"href":"https:\/\/assessoriapages.com\/es\/wp-json\/wp\/v2\/comments?post=274"}],"version-history":[{"count":9,"href":"https:\/\/assessoriapages.com\/es\/wp-json\/wp\/v2\/pages\/274\/revisions"}],"predecessor-version":[{"id":481,"href":"https:\/\/assessoriapages.com\/es\/wp-json\/wp\/v2\/pages\/274\/revisions\/481"}],"wp:attachment":[{"href":"https:\/\/assessoriapages.com\/es\/wp-json\/wp\/v2\/media?parent=274"}],"curies":[{"name":"wp","href":"https:\/\/api.w.org\/{rel}","templated":true}]}}